{"version":"1.0","provider_name":"Gesed","provider_url":"https:\/\/gesed.com","author_name":"YloGesed","author_url":"https:\/\/gesed.com\/index.php\/author\/admin2349\/","title":"Suspicion d\u2019un handicap chez l\u2019adulte - conf\u00e9rence - Gesed","type":"rich","width":600,"height":338,"html":"<blockquote class=\"wp-embedded-content\" data-secret=\"RWFUD2nPYT\"><a href=\"https:\/\/gesed.com\/index.php\/2024\/12\/04\/suspicion-dun-handicap-chez-ladulte\/\">Suspicion d\u2019un handicap chez l\u2019adulte &#8211; conf\u00e9rence<\/a><\/blockquote><iframe sandbox=\"allow-scripts\" security=\"restricted\" src=\"https:\/\/gesed.com\/index.php\/2024\/12\/04\/suspicion-dun-handicap-chez-ladulte\/embed\/#?secret=RWFUD2nPYT\" width=\"600\" height=\"338\" title=\"\u00ab\u00a0Suspicion d\u2019un handicap chez l\u2019adulte &#8211; conf\u00e9rence\u00a0\u00bb &#8212; Gesed\" data-secret=\"RWFUD2nPYT\" frameborder=\"0\" marginwidth=\"0\" marginheight=\"0\" scrolling=\"no\" class=\"wp-embedded-content\"><\/iframe><script>\n\/*! This file is auto-generated *\/\n!function(d,l){\"use strict\";l.querySelector&&d.addEventListener&&\"undefined\"!=typeof URL&&(d.wp=d.wp||{},d.wp.receiveEmbedMessage||(d.wp.receiveEmbedMessage=function(e){var t=e.data;if((t||t.secret||t.message||t.value)&&!\/[^a-zA-Z0-9]\/.test(t.secret)){for(var s,r,n,a=l.querySelectorAll('iframe[data-secret=\"'+t.secret+'\"]'),o=l.querySelectorAll('blockquote[data-secret=\"'+t.secret+'\"]'),c=new RegExp(\"^https?:$\",\"i\"),i=0;i<o.length;i++)o[i].style.display=\"none\";for(i=0;i<a.length;i++)s=a[i],e.source===s.contentWindow&&(s.removeAttribute(\"style\"),\"height\"===t.message?(1e3<(r=parseInt(t.value,10))?r=1e3:~~r<200&&(r=200),s.height=r):\"link\"===t.message&&(r=new URL(s.getAttribute(\"src\")),n=new URL(t.value),c.test(n.protocol))&&n.host===r.host&&l.activeElement===s&&(d.top.location.href=t.value))}},d.addEventListener(\"message\",d.wp.receiveEmbedMessage,!1),l.addEventListener(\"DOMContentLoaded\",function(){for(var e,t,s=l.querySelectorAll(\"iframe.wp-embedded-content\"),r=0;r<s.length;r++)(t=(e=s[r]).getAttribute(\"data-secret\"))||(t=Math.random().toString(36).substring(2,12),e.src+=\"#?secret=\"+t,e.setAttribute(\"data-secret\",t)),e.contentWindow.postMessage({message:\"ready\",secret:t},\"*\")},!1)))}(window,document);\n\/\/# sourceURL=https:\/\/gesed.com\/wp-includes\/js\/wp-embed.min.js\n<\/script>\n","thumbnail_url":"https:\/\/gesed.com\/wp-content\/uploads\/2024\/12\/Suspicion-handicap.jpg","thumbnail_width":395,"thumbnail_height":574,"description":"Quel dialogue patients, proches et professionnels en cas de suspicion d\u2019un handicap ou d\u2019une maladie grave chez l\u2019adulte ? Cette question est au c\u0153ur de la conf\u00e9rence organis\u00e9e par la PAH en partenariat avec l\u2019Universit\u00e9 de Li\u00e8ge, le 30 janvier 2025. Un m\u00e9decin g\u00e9n\u00e9raliste, un psychiatre et une psychologue tenteront de r\u00e9pondre \u00e0 cette question, sans oublier les t\u00e9moignages d\u2019aidants-proches. Pour de plus amples informations sur la conf\u00e9rence et les inscriptions, cliquez sur le lien ci-dessoushttps:\/\/www.plateformeannoncehandicap.be\/&#8230;\/conference&#8230;\/"}