{"id":1393,"date":"2024-02-04T14:55:40","date_gmt":"2024-02-04T13:55:40","guid":{"rendered":"https:\/\/gesed.org\/?page_id=1393"},"modified":"2025-01-05T18:26:48","modified_gmt":"2025-01-05T17:26:48","slug":"lasbl","status":"publish","type":"page","link":"https:\/\/gesed.com\/index.php\/lasbl\/","title":{"rendered":"L&rsquo;asbl"},"content":{"rendered":"\t\t<div data-elementor-type=\"wp-page\" data-elementor-id=\"1393\" class=\"elementor elementor-1393\" wpc-filter-elementor-widget=\"1\">\n\t\t\t\t<div class=\"elementor-element elementor-element-22f3e3c e-flex e-con-boxed wpr-particle-no wpr-jarallax-no wpr-parallax-no wpr-sticky-section-no wpr-equal-height-no e-con e-parent\" data-id=\"22f3e3c\" data-element_type=\"container\" data-e-type=\"container\">\n\t\t\t\t\t<div class=\"e-con-inner\">\n\t\t\t\t<div class=\"elementor-element elementor-element-5c67d43 exad-sticky-section-no exad-glass-effect-no elementor-widget elementor-widget-eael-adv-tabs\" data-id=\"5c67d43\" data-element_type=\"widget\" data-e-type=\"widget\" data-widget_type=\"eael-adv-tabs.default\">\n\t\t\t\t<div class=\"elementor-widget-container\">\n\t\t\t\t\t        <div data-scroll-on-click=\"no\" data-scroll-speed=\"300\" id=\"eael-advance-tabs-5c67d43\" class=\"eael-advance-tabs eael-tabs-vertical eael-tab-auto-active  active-caret-on\" data-tabid=\"5c67d43\">\n            <div class=\"eael-tabs-nav \">\n                <ul class=\"eael-tab-inline-icon\" role=\"tablist\">\n                                            <li id=\"nos-objectifs\" class=\"inactive eael-tab-item-trigger eael-tab-nav-item\" aria-selected=\"true\" data-tab=\"1\" role=\"tab\" tabindex=\"0\" aria-controls=\"nos-objectifs-tab\" aria-expanded=\"false\">\n                            \n                                                                                                                            \n                                                            <span class=\"eael-tab-title title-after-icon\" >Nos objectifs<\/span>                            \n                                                    <\/li>\n                                            <li id=\"historique\" class=\"inactive eael-tab-item-trigger eael-tab-nav-item\" aria-selected=\"false\" data-tab=\"2\" role=\"tab\" tabindex=\"-1\" aria-controls=\"historique-tab\" aria-expanded=\"false\">\n                            \n                                                                                                                            \n                                                            <span class=\"eael-tab-title title-after-icon\" >Historique<\/span>                            \n                                                    <\/li>\n                                            <li id=\"la-brochure-gesed\" class=\"inactive eael-tab-item-trigger eael-tab-nav-item\" aria-selected=\"false\" data-tab=\"3\" role=\"tab\" tabindex=\"-1\" aria-controls=\"la-brochure-gesed-tab\" aria-expanded=\"false\">\n                            \n                                                                                                                            \n                                                            <span class=\"eael-tab-title title-after-icon\" >La brochure GESED<\/span>                            \n                                                    <\/li>\n                                            <li id=\"lorganisation\" class=\"inactive eael-tab-item-trigger eael-tab-nav-item\" aria-selected=\"false\" data-tab=\"4\" role=\"tab\" tabindex=\"-1\" aria-controls=\"lorganisation-tab\" aria-expanded=\"false\">\n                            \n                                                                                                                            \n                                                            <span class=\"eael-tab-title title-after-icon\" >L&rsquo;organisation<\/span>                            \n                                                    <\/li>\n                    \n                                  <\/ul>\n            <\/div>\n            \n            <div class=\"eael-tabs-content\">\n\t\t        \n                    <div id=\"nos-objectifs-tab\" class=\"clearfix eael-tab-content-item inactive\" data-title-link=\"nos-objectifs-tab\">\n\t\t\t\t        <p>Les principaux objectifs que nous poursuivons sont les suivants :\u00a0<\/p><ol><li><strong>Information<\/strong> au malade et \u00e0 sa famille, tant sur la pathologie elle-m\u00eame, la gestion de la maladie que sur les d\u00e9marches\u00a0vers les administrations ou services d\u2019aides sociales\u00a0<br \/><em><em><em>Plusieurs fa\u00e7ons de vous informer:<br \/>&#8211; Une journ\u00e9e annuelle d&rsquo;information<br \/>&#8211; Des newsletters<br \/>&#8211; Des publications sur ce site<br \/>&#8211; Une permanence t\u00e9l\u00e9phonique<\/em><\/em><\/em><\/li><li>Organisation de <strong>moments conviviaux<\/strong> entre membres, afin de favoriser les rencontres et \u00e9changes entre eux et rompre l&rsquo;isolement social<br \/><em><em><em><em>Quelques exemples : journ\u00e9e r\u00e9cr\u00e9ative, foire du midi, repas d&rsquo;automne,&#8230;<\/em><\/em><\/em><\/em><\/li><li><strong>Soutien aux membres<\/strong> pour mieux vivre avec la maladie<\/li><li><strong>Sensibilisation<\/strong> du corps m\u00e9dical et du grand public \u00e0 la maladie<\/li><li><strong>Repr\u00e9sentation<\/strong> des membres aupr\u00e8s des pouvoirs publics et d&rsquo;autres associations ayant des int\u00e9r\u00eats ou un but social proche du n\u00f4tre.<br \/><em><em><em><em>A cette fin, le GESED est membre, entre autres, de la LUSS (Ligue des Usagers des Services de Sant\u00e9), de RaDiOrg (Rare Diseases Organization Belgium), de RDB (Rare Disorders Belgium)<\/em><\/em><\/em><\/em><\/li><li><strong>Soutien aux \u00e9quipes de recherche<\/strong> se penchant sur les divers aspects de la maladie.<\/li><\/ol><p><span style=\"color: #333399\"><em>Aucun m\u00e9decin n&rsquo;est impliqu\u00e9 dans l&rsquo;association. Notre asbl n&rsquo;a pas vocation \u00e0 soigner, ni \u00e0 interagir avec vos m\u00e9decins. Nous ne sommes pas non plus comp\u00e9tents pour vous accompagner lors de recours aupr\u00e8s de m\u00e9decins conseil ou d&rsquo;instances judiciaires.<\/em><\/span><\/p>                    <\/div>\n\t\t        \n                    <div id=\"historique-tab\" class=\"clearfix eael-tab-content-item inactive\" data-title-link=\"historique-tab\">\n\t\t\t\t        <p>Nous sommes des hommes et des femmes atteints des Syndromes d\u2019Ehlers-Danlos, ou membre de la famille d\u2019une ou plusieurs personnes atteintes.<\/p><p>Conscients de la solitude et de la d\u00e9tresse que peuvent vivre les personnes (et leur famille) atteintes d\u2019une maladie g\u00e9n\u00e9tique rare et soucieux de renseigner ces derniers, nous avons voulu nous rassembler en Asbl pour mieux vous servir.<\/p><p>Fond\u00e9 en septembre 2001, parrain\u00e9 et aid\u00e9 par l\u2019AFSED (Association Fran\u00e7aise des Syndromes d\u2019Ehlers-Danlos), le GESED a d\u00e9pos\u00e9 ses statuts d\u2019asbl fin 2002.<\/p>                    <\/div>\n\t\t        \n                    <div id=\"la-brochure-gesed-tab\" class=\"clearfix eael-tab-content-item inactive\" data-title-link=\"la-brochure-gesed-tab\">\n\t\t\t\t        <p><p>Quelques informations sur le SED et le Gesed&#8230;<\/p><div class=\"_df_thumb \" id=\"df_2545\"  _slug=\"brochure-gesed\" data-title=\"brochure-gesed\" wpoptions=\"true\" thumb=\"http:\/\/gesed.com\/wp-content\/uploads\/2024\/02\/Couverture-brochure-GESED.jpg\" thumbtype=\"\" >Brochure Gesed<\/div><script class=\"df-shortcode-script\" nowprocket type=\"application\/javascript\">window.option_df_2545 = {\"outline\":[],\"height\":\"400\",\"autoEnableOutline\":\"false\",\"autoEnableThumbnail\":\"false\",\"overwritePDFOutline\":\"false\",\"enableDownload\":\"false\",\"direction\":\"1\",\"pageSize\":\"0\",\"soundEnable\":\"false\",\"source\":\"http:\\\/\\\/gesed.com\\\/wp-content\\\/uploads\\\/2024\\\/02\\\/Brochure-Gesed-tout.pdf\",\"wpOptions\":\"true\"}; if(window.DFLIP && window.DFLIP.parseBooks){window.DFLIP.parseBooks();}<\/script><\/p>                    <\/div>\n\t\t        \n                    <div id=\"lorganisation-tab\" class=\"clearfix eael-tab-content-item inactive\" data-title-link=\"lorganisation-tab\">\n\t\t\t\t        <p>L&rsquo;<strong>Organe\u00a0d\u2019Administration<\/strong> se compose de \u00a0:<\/p><ul><li>Anne VAN SEVEREN, Pr\u00e9sidente<\/li><li>Mich\u00e8le VANHOOVELD, Secr\u00e9taire<\/li><li>Nadia BENNARI<\/li><li>Christine LAMBIN, Membre Fondateur<\/li><li>Jacqueline LEGRAIN, Membre Fondateur<\/li><li>Lina Maddalena SEVERINO<\/li><li>Mireille SEVRIN<\/li><li>Fabrice WACQUIER<\/li><li>Bernard GUILLAUME<\/li><\/ul><h3>Statuts de l\u2019asbl<\/h3><p>Vous souhaitez consulter les statuts de l&rsquo;asbl GESED ?<\/p><ul><li style=\"list-style-type: none\"><ul><li>Rendez-vous sur cette <span style=\"color: #333399\"><em><a style=\"color: #333399\" href=\"https:\/\/www.ejustice.just.fgov.be\/cgi_tsv\/rech.pl?language=fr\" target=\"_blank\" rel=\"noopener\">page du site \u00ab\u00a0Service Public F\u00e9d\u00e9ral Justice\u00a0\u00bb<\/a><\/em><\/span><\/li><li>Introduisez notre n\u00b0 d&rsquo;entreprise : \u00ab\u00a00479853951\u00a0\u00bb<\/li><li>Vous avez ainsi acc\u00e8s aux diff\u00e9rentes modifications de statuts<\/li><\/ul><\/li><\/ul>                    <\/div>\n\t\t                    <\/div>\n        <\/div>\n\t\t\t\t<\/div>\n\t\t\t\t<\/div>\n\t\t\t\t\t<\/div>\n\t\t\t\t<\/div>\n\t\t<div class=\"elementor-element elementor-element-38949f8 e-flex e-con-boxed wpr-particle-no wpr-jarallax-no wpr-parallax-no wpr-sticky-section-no wpr-equal-height-no e-con e-parent\" data-id=\"38949f8\" data-element_type=\"container\" data-e-type=\"container\">\n\t\t\t\t\t<div class=\"e-con-inner\">\n\t\t\t\t<div class=\"elementor-element elementor-element-e4ac15f exad-sticky-section-no exad-glass-effect-no elementor-widget elementor-widget-spacer\" data-id=\"e4ac15f\" data-element_type=\"widget\" data-e-type=\"widget\" data-widget_type=\"spacer.default\">\n\t\t\t\t<div class=\"elementor-widget-container\">\n\t\t\t\t\t\t\t<div class=\"elementor-spacer\">\n\t\t\t<div class=\"elementor-spacer-inner\"><\/div>\n\t\t<\/div>\n\t\t\t\t\t\t<\/div>\n\t\t\t\t<\/div>\n\t\t\t\t\t<\/div>\n\t\t\t\t<\/div>\n\t\t\t\t<\/div>\n\t\t","protected":false},"excerpt":{"rendered":"<p>Nos objectifs Historique La brochure GESED L&rsquo;organisation Les principaux objectifs que nous poursuivons sont les suivants :\u00a0 Information au malade et \u00e0 sa famille, tant sur la pathologie elle-m\u00eame, la gestion de la maladie que sur les d\u00e9marches\u00a0vers les administrations ou services d\u2019aides sociales\u00a0Plusieurs fa\u00e7ons de vous informer:&#8211; Une journ\u00e9e annuelle d&rsquo;information&#8211; Des newsletters&#8211; Des publications sur ce site&#8211; Une permanence t\u00e9l\u00e9phonique Organisation de moments conviviaux entre membres, afin de favoriser les rencontres et \u00e9changes entre eux et rompre l&rsquo;isolement socialQuelques exemples : journ\u00e9e r\u00e9cr\u00e9ative, foire du midi, repas d&rsquo;automne,&#8230; Soutien aux membres pour mieux vivre avec la maladie Sensibilisation du corps m\u00e9dical et du grand public \u00e0 la maladie Repr\u00e9sentation des membres aupr\u00e8s des pouvoirs publics et d&rsquo;autres associations ayant des int\u00e9r\u00eats ou un but social proche du n\u00f4tre.A cette fin, le GESED est membre, entre autres, de la LUSS (Ligue des Usagers des Services de Sant\u00e9), de RaDiOrg (Rare Diseases Organization Belgium), de RDB (Rare Disorders Belgium) Soutien aux \u00e9quipes de recherche se penchant sur les divers aspects de la maladie. Aucun m\u00e9decin n&rsquo;est impliqu\u00e9 dans l&rsquo;association. Notre asbl n&rsquo;a pas vocation \u00e0 soigner, ni \u00e0 interagir avec vos m\u00e9decins. Nous ne sommes pas non plus comp\u00e9tents pour vous accompagner lors de recours aupr\u00e8s de m\u00e9decins conseil ou d&rsquo;instances judiciaires. Nous sommes des hommes et des femmes atteints des Syndromes d\u2019Ehlers-Danlos, ou membre de la famille d\u2019une ou plusieurs personnes atteintes. Conscients de la solitude et de la d\u00e9tresse que peuvent vivre les personnes (et leur famille) atteintes d\u2019une maladie g\u00e9n\u00e9tique rare et soucieux de renseigner ces derniers, nous avons voulu nous rassembler en Asbl pour mieux vous servir. Fond\u00e9 en septembre 2001, parrain\u00e9 et aid\u00e9 par l\u2019AFSED (Association Fran\u00e7aise des Syndromes d\u2019Ehlers-Danlos), le GESED a d\u00e9pos\u00e9 ses statuts d\u2019asbl fin 2002. Quelques informations sur le SED et le Gesed&#8230; Brochure Gesed L&rsquo;Organe\u00a0d\u2019Administration se compose de \u00a0: Anne VAN SEVEREN, Pr\u00e9sidente Mich\u00e8le VANHOOVELD, Secr\u00e9taire Nadia BENNARI Christine LAMBIN, Membre Fondateur Jacqueline LEGRAIN, Membre Fondateur Lina Maddalena SEVERINO Mireille SEVRIN Fabrice WACQUIER Bernard GUILLAUME Statuts de l\u2019asbl Vous souhaitez consulter les statuts de l&rsquo;asbl GESED ? Rendez-vous sur cette page du site \u00ab\u00a0Service Public F\u00e9d\u00e9ral Justice\u00a0\u00bb Introduisez notre n\u00b0 d&rsquo;entreprise : \u00ab\u00a00479853951\u00a0\u00bb Vous avez ainsi acc\u00e8s aux diff\u00e9rentes modifications de statuts<\/p>\n","protected":false},"author":1,"featured_media":0,"parent":0,"menu_order":0,"comment_status":"closed","ping_status":"closed","template":"","meta":{"ocean_post_layout":"","ocean_both_sidebars_style":"","ocean_both_sidebars_content_width":0,"ocean_both_sidebars_sidebars_width":0,"ocean_sidebar":"","ocean_second_sidebar":"","ocean_disable_margins":"enable","ocean_add_body_class":"","ocean_shortcode_before_top_bar":"","ocean_shortcode_after_top_bar":"","ocean_shortcode_before_header":"","ocean_shortcode_after_header":"","ocean_has_shortcode":"","ocean_shortcode_after_title":"","ocean_shortcode_before_footer_widgets":"","ocean_shortcode_after_footer_widgets":"","ocean_shortcode_before_footer_bottom":"","ocean_shortcode_after_footer_bottom":"","ocean_display_top_bar":"default","ocean_display_header":"default","ocean_header_style":"","ocean_center_header_left_menu":"","ocean_custom_header_template":"","ocean_custom_logo":0,"ocean_custom_retina_logo":0,"ocean_custom_logo_max_width":0,"ocean_custom_logo_tablet_max_width":0,"ocean_custom_logo_mobile_max_width":0,"ocean_custom_logo_max_height":0,"ocean_custom_logo_tablet_max_height":0,"ocean_custom_logo_mobile_max_height":0,"ocean_header_custom_menu":"","ocean_menu_typo_font_family":"","ocean_menu_typo_font_subset":"","ocean_menu_typo_font_size":0,"ocean_menu_typo_font_size_tablet":0,"ocean_menu_typo_font_size_mobile":0,"ocean_menu_typo_font_size_unit":"px","ocean_menu_typo_font_weight":"","ocean_menu_typo_font_weight_tablet":"","ocean_menu_typo_font_weight_mobile":"","ocean_menu_typo_transform":"","ocean_menu_typo_transform_tablet":"","ocean_menu_typo_transform_mobile":"","ocean_menu_typo_line_height":0,"ocean_menu_typo_line_height_tablet":0,"ocean_menu_typo_line_height_mobile":0,"ocean_menu_typo_line_height_unit":"","ocean_menu_typo_spacing":0,"ocean_menu_typo_spacing_tablet":0,"ocean_menu_typo_spacing_mobile":0,"ocean_menu_typo_spacing_unit":"","ocean_menu_link_color":"","ocean_menu_link_color_hover":"","ocean_menu_link_color_active":"","ocean_menu_link_background":"","ocean_menu_link_hover_background":"","ocean_menu_link_active_background":"","ocean_menu_social_links_bg":"","ocean_menu_social_hover_links_bg":"","ocean_menu_social_links_color":"","ocean_menu_social_hover_links_color":"","ocean_disable_title":"default","ocean_disable_heading":"default","ocean_post_title":"","ocean_post_subheading":"","ocean_post_title_style":"","ocean_post_title_background_color":"","ocean_post_title_background":0,"ocean_post_title_bg_image_position":"","ocean_post_title_bg_image_attachment":"","ocean_post_title_bg_image_repeat":"","ocean_post_title_bg_image_size":"","ocean_post_title_height":0,"ocean_post_title_bg_overlay":0.5,"ocean_post_title_bg_overlay_color":"","ocean_disable_breadcrumbs":"default","ocean_breadcrumbs_color":"","ocean_breadcrumbs_separator_color":"","ocean_breadcrumbs_links_color":"","ocean_breadcrumbs_links_hover_color":"","ocean_display_footer_widgets":"default","ocean_display_footer_bottom":"default","ocean_custom_footer_template":"","footnotes":""},"class_list":["post-1393","page","type-page","status-publish","hentry","entry"],"yoast_head":"<!-- This site is optimized with the Yoast SEO plugin v27.5 - https:\/\/yoast.com\/product\/yoast-seo-wordpress\/ -->\n<title>L&#039;asbl - Gesed<\/title>\n<meta name=\"robots\" content=\"index, follow, max-snippet:-1, max-image-preview:large, max-video-preview:-1\" \/>\n<link rel=\"canonical\" href=\"https:\/\/gesed.com\/index.php\/lasbl\/\" \/>\n<meta property=\"og:locale\" content=\"fr_FR\" \/>\n<meta property=\"og:type\" content=\"article\" \/>\n<meta property=\"og:title\" content=\"L&#039;asbl - Gesed\" \/>\n<meta property=\"og:description\" content=\"Nos objectifs Historique La brochure GESED L&rsquo;organisation Les principaux objectifs que nous poursuivons sont les suivants :\u00a0 Information au malade et \u00e0 sa famille, tant sur la pathologie elle-m\u00eame, la gestion de la maladie que sur les d\u00e9marches\u00a0vers les administrations ou services d\u2019aides sociales\u00a0Plusieurs fa\u00e7ons de vous informer:&#8211; Une journ\u00e9e annuelle d&rsquo;information&#8211; Des newsletters&#8211; Des publications sur ce site&#8211; Une permanence t\u00e9l\u00e9phonique Organisation de moments conviviaux entre membres, afin de favoriser les rencontres et \u00e9changes entre eux et rompre l&rsquo;isolement socialQuelques exemples : journ\u00e9e r\u00e9cr\u00e9ative, foire du midi, repas d&rsquo;automne,&#8230; Soutien aux membres pour mieux vivre avec la maladie Sensibilisation du corps m\u00e9dical et du grand public \u00e0 la maladie Repr\u00e9sentation des membres aupr\u00e8s des pouvoirs publics et d&rsquo;autres associations ayant des int\u00e9r\u00eats ou un but social proche du n\u00f4tre.A cette fin, le GESED est membre, entre autres, de la LUSS (Ligue des Usagers des Services de Sant\u00e9), de RaDiOrg (Rare Diseases Organization Belgium), de RDB (Rare Disorders Belgium) Soutien aux \u00e9quipes de recherche se penchant sur les divers aspects de la maladie. Aucun m\u00e9decin n&rsquo;est impliqu\u00e9 dans l&rsquo;association. Notre asbl n&rsquo;a pas vocation \u00e0 soigner, ni \u00e0 interagir avec vos m\u00e9decins. Nous ne sommes pas non plus comp\u00e9tents pour vous accompagner lors de recours aupr\u00e8s de m\u00e9decins conseil ou d&rsquo;instances judiciaires. Nous sommes des hommes et des femmes atteints des Syndromes d\u2019Ehlers-Danlos, ou membre de la famille d\u2019une ou plusieurs personnes atteintes. Conscients de la solitude et de la d\u00e9tresse que peuvent vivre les personnes (et leur famille) atteintes d\u2019une maladie g\u00e9n\u00e9tique rare et soucieux de renseigner ces derniers, nous avons voulu nous rassembler en Asbl pour mieux vous servir. Fond\u00e9 en septembre 2001, parrain\u00e9 et aid\u00e9 par l\u2019AFSED (Association Fran\u00e7aise des Syndromes d\u2019Ehlers-Danlos), le GESED a d\u00e9pos\u00e9 ses statuts d\u2019asbl fin 2002. Quelques informations sur le SED et le Gesed&#8230; Brochure Gesed L&rsquo;Organe\u00a0d\u2019Administration se compose de \u00a0: Anne VAN SEVEREN, Pr\u00e9sidente Mich\u00e8le VANHOOVELD, Secr\u00e9taire Nadia BENNARI Christine LAMBIN, Membre Fondateur Jacqueline LEGRAIN, Membre Fondateur Lina Maddalena SEVERINO Mireille SEVRIN Fabrice WACQUIER Bernard GUILLAUME Statuts de l\u2019asbl Vous souhaitez consulter les statuts de l&rsquo;asbl GESED ? Rendez-vous sur cette page du site \u00ab\u00a0Service Public F\u00e9d\u00e9ral Justice\u00a0\u00bb Introduisez notre n\u00b0 d&rsquo;entreprise : \u00ab\u00a00479853951\u00a0\u00bb Vous avez ainsi acc\u00e8s aux diff\u00e9rentes modifications de statuts\" \/>\n<meta property=\"og:url\" content=\"https:\/\/gesed.com\/index.php\/lasbl\/\" \/>\n<meta property=\"og:site_name\" content=\"Gesed\" \/>\n<meta property=\"article:publisher\" content=\"https:\/\/www.facebook.com\/gesedasbl\" \/>\n<meta property=\"article:modified_time\" content=\"2025-01-05T17:26:48+00:00\" \/>\n<meta name=\"twitter:card\" content=\"summary_large_image\" \/>\n<meta name=\"twitter:label1\" content=\"Dur\u00e9e de lecture estim\u00e9e\" \/>\n\t<meta name=\"twitter:data1\" content=\"3 minutes\" \/>\n<script type=\"application\/ld+json\" class=\"yoast-schema-graph\">{\"@context\":\"https:\\\/\\\/schema.org\",\"@graph\":[{\"@type\":\"WebPage\",\"@id\":\"https:\\\/\\\/gesed.com\\\/index.php\\\/lasbl\\\/\",\"url\":\"https:\\\/\\\/gesed.com\\\/index.php\\\/lasbl\\\/\",\"name\":\"L'asbl - Gesed\",\"isPartOf\":{\"@id\":\"https:\\\/\\\/gesed.com\\\/#website\"},\"datePublished\":\"2024-02-04T13:55:40+00:00\",\"dateModified\":\"2025-01-05T17:26:48+00:00\",\"breadcrumb\":{\"@id\":\"https:\\\/\\\/gesed.com\\\/index.php\\\/lasbl\\\/#breadcrumb\"},\"inLanguage\":\"fr-FR\",\"potentialAction\":[{\"@type\":\"ReadAction\",\"target\":[\"https:\\\/\\\/gesed.com\\\/index.php\\\/lasbl\\\/\"]}]},{\"@type\":\"BreadcrumbList\",\"@id\":\"https:\\\/\\\/gesed.com\\\/index.php\\\/lasbl\\\/#breadcrumb\",\"itemListElement\":[{\"@type\":\"ListItem\",\"position\":1,\"name\":\"Accueil\",\"item\":\"https:\\\/\\\/gesed.com\\\/\"},{\"@type\":\"ListItem\",\"position\":2,\"name\":\"L&rsquo;asbl\"}]},{\"@type\":\"WebSite\",\"@id\":\"https:\\\/\\\/gesed.com\\\/#website\",\"url\":\"https:\\\/\\\/gesed.com\\\/\",\"name\":\"Gesed\",\"description\":\"Groupe d&#039;Entraide des Syndr\u00f4mes d&#039;Ehlers-Danlos\",\"potentialAction\":[{\"@type\":\"SearchAction\",\"target\":{\"@type\":\"EntryPoint\",\"urlTemplate\":\"https:\\\/\\\/gesed.com\\\/?s={search_term_string}\"},\"query-input\":{\"@type\":\"PropertyValueSpecification\",\"valueRequired\":true,\"valueName\":\"search_term_string\"}}],\"inLanguage\":\"fr-FR\"}]}<\/script>\n<!-- \/ Yoast SEO plugin. -->","yoast_head_json":{"title":"L'asbl - Gesed","robots":{"index":"index","follow":"follow","max-snippet":"max-snippet:-1","max-image-preview":"max-image-preview:large","max-video-preview":"max-video-preview:-1"},"canonical":"https:\/\/gesed.com\/index.php\/lasbl\/","og_locale":"fr_FR","og_type":"article","og_title":"L'asbl - Gesed","og_description":"Nos objectifs Historique La brochure GESED L&rsquo;organisation Les principaux objectifs que nous poursuivons sont les suivants :\u00a0 Information au malade et \u00e0 sa famille, tant sur la pathologie elle-m\u00eame, la gestion de la maladie que sur les d\u00e9marches\u00a0vers les administrations ou services d\u2019aides sociales\u00a0Plusieurs fa\u00e7ons de vous informer:&#8211; Une journ\u00e9e annuelle d&rsquo;information&#8211; Des newsletters&#8211; Des publications sur ce site&#8211; Une permanence t\u00e9l\u00e9phonique Organisation de moments conviviaux entre membres, afin de favoriser les rencontres et \u00e9changes entre eux et rompre l&rsquo;isolement socialQuelques exemples : journ\u00e9e r\u00e9cr\u00e9ative, foire du midi, repas d&rsquo;automne,&#8230; Soutien aux membres pour mieux vivre avec la maladie Sensibilisation du corps m\u00e9dical et du grand public \u00e0 la maladie Repr\u00e9sentation des membres aupr\u00e8s des pouvoirs publics et d&rsquo;autres associations ayant des int\u00e9r\u00eats ou un but social proche du n\u00f4tre.A cette fin, le GESED est membre, entre autres, de la LUSS (Ligue des Usagers des Services de Sant\u00e9), de RaDiOrg (Rare Diseases Organization Belgium), de RDB (Rare Disorders Belgium) Soutien aux \u00e9quipes de recherche se penchant sur les divers aspects de la maladie. Aucun m\u00e9decin n&rsquo;est impliqu\u00e9 dans l&rsquo;association. Notre asbl n&rsquo;a pas vocation \u00e0 soigner, ni \u00e0 interagir avec vos m\u00e9decins. Nous ne sommes pas non plus comp\u00e9tents pour vous accompagner lors de recours aupr\u00e8s de m\u00e9decins conseil ou d&rsquo;instances judiciaires. Nous sommes des hommes et des femmes atteints des Syndromes d\u2019Ehlers-Danlos, ou membre de la famille d\u2019une ou plusieurs personnes atteintes. Conscients de la solitude et de la d\u00e9tresse que peuvent vivre les personnes (et leur famille) atteintes d\u2019une maladie g\u00e9n\u00e9tique rare et soucieux de renseigner ces derniers, nous avons voulu nous rassembler en Asbl pour mieux vous servir. Fond\u00e9 en septembre 2001, parrain\u00e9 et aid\u00e9 par l\u2019AFSED (Association Fran\u00e7aise des Syndromes d\u2019Ehlers-Danlos), le GESED a d\u00e9pos\u00e9 ses statuts d\u2019asbl fin 2002. Quelques informations sur le SED et le Gesed&#8230; Brochure Gesed L&rsquo;Organe\u00a0d\u2019Administration se compose de \u00a0: Anne VAN SEVEREN, Pr\u00e9sidente Mich\u00e8le VANHOOVELD, Secr\u00e9taire Nadia BENNARI Christine LAMBIN, Membre Fondateur Jacqueline LEGRAIN, Membre Fondateur Lina Maddalena SEVERINO Mireille SEVRIN Fabrice WACQUIER Bernard GUILLAUME Statuts de l\u2019asbl Vous souhaitez consulter les statuts de l&rsquo;asbl GESED ? Rendez-vous sur cette page du site \u00ab\u00a0Service Public F\u00e9d\u00e9ral Justice\u00a0\u00bb Introduisez notre n\u00b0 d&rsquo;entreprise : \u00ab\u00a00479853951\u00a0\u00bb Vous avez ainsi acc\u00e8s aux diff\u00e9rentes modifications de statuts","og_url":"https:\/\/gesed.com\/index.php\/lasbl\/","og_site_name":"Gesed","article_publisher":"https:\/\/www.facebook.com\/gesedasbl","article_modified_time":"2025-01-05T17:26:48+00:00","twitter_card":"summary_large_image","twitter_misc":{"Dur\u00e9e de lecture estim\u00e9e":"3 minutes"},"schema":{"@context":"https:\/\/schema.org","@graph":[{"@type":"WebPage","@id":"https:\/\/gesed.com\/index.php\/lasbl\/","url":"https:\/\/gesed.com\/index.php\/lasbl\/","name":"L'asbl - Gesed","isPartOf":{"@id":"https:\/\/gesed.com\/#website"},"datePublished":"2024-02-04T13:55:40+00:00","dateModified":"2025-01-05T17:26:48+00:00","breadcrumb":{"@id":"https:\/\/gesed.com\/index.php\/lasbl\/#breadcrumb"},"inLanguage":"fr-FR","potentialAction":[{"@type":"ReadAction","target":["https:\/\/gesed.com\/index.php\/lasbl\/"]}]},{"@type":"BreadcrumbList","@id":"https:\/\/gesed.com\/index.php\/lasbl\/#breadcrumb","itemListElement":[{"@type":"ListItem","position":1,"name":"Accueil","item":"https:\/\/gesed.com\/"},{"@type":"ListItem","position":2,"name":"L&rsquo;asbl"}]},{"@type":"WebSite","@id":"https:\/\/gesed.com\/#website","url":"https:\/\/gesed.com\/","name":"Gesed","description":"Groupe d&#039;Entraide des Syndr\u00f4mes d&#039;Ehlers-Danlos","potentialAction":[{"@type":"SearchAction","target":{"@type":"EntryPoint","urlTemplate":"https:\/\/gesed.com\/?s={search_term_string}"},"query-input":{"@type":"PropertyValueSpecification","valueRequired":true,"valueName":"search_term_string"}}],"inLanguage":"fr-FR"}]}},"publishpress_future_action":{"enabled":false,"date":"2026-05-06 08:14:46","action":"change-status","newStatus":"draft","terms":[],"taxonomy":"","extraData":[]},"publishpress_future_workflow_manual_trigger":{"enabledWorkflows":[]},"rttpg_featured_image_url":null,"rttpg_author":{"display_name":"YloGesed","author_link":"https:\/\/gesed.com\/index.php\/author\/admin2349\/"},"rttpg_comment":0,"rttpg_category":null,"rttpg_excerpt":"Nos objectifs Historique La brochure GESED L&rsquo;organisation Les principaux objectifs que nous poursuivons sont les suivants :\u00a0 Information au malade et \u00e0 sa famille, tant sur la pathologie elle-m\u00eame, la gestion de la maladie que sur les d\u00e9marches\u00a0vers les administrations ou services d\u2019aides sociales\u00a0Plusieurs fa\u00e7ons de vous informer:&#8211; Une journ\u00e9e annuelle d&rsquo;information&#8211; Des newsletters&#8211; Des\u2026","_links":{"self":[{"href":"https:\/\/gesed.com\/index.php\/wp-json\/wp\/v2\/pages\/1393","targetHints":{"allow":["GET"]}}],"collection":[{"href":"https:\/\/gesed.com\/index.php\/wp-json\/wp\/v2\/pages"}],"about":[{"href":"https:\/\/gesed.com\/index.php\/wp-json\/wp\/v2\/types\/page"}],"author":[{"embeddable":true,"href":"https:\/\/gesed.com\/index.php\/wp-json\/wp\/v2\/users\/1"}],"replies":[{"embeddable":true,"href":"https:\/\/gesed.com\/index.php\/wp-json\/wp\/v2\/comments?post=1393"}],"version-history":[{"count":105,"href":"https:\/\/gesed.com\/index.php\/wp-json\/wp\/v2\/pages\/1393\/revisions"}],"predecessor-version":[{"id":6577,"href":"https:\/\/gesed.com\/index.php\/wp-json\/wp\/v2\/pages\/1393\/revisions\/6577"}],"wp:attachment":[{"href":"https:\/\/gesed.com\/index.php\/wp-json\/wp\/v2\/media?parent=1393"}],"curies":[{"name":"wp","href":"https:\/\/api.w.org\/{rel}","templated":true}]}}